{"id":16,"date":"2013-07-17T14:45:48","date_gmt":"2013-07-17T12:45:48","guid":{"rendered":"http:\/\/dawipaderborn.bplaced.net\/wordpress\/?page_id=16"},"modified":"2015-01-23T10:47:26","modified_gmt":"2015-01-23T08:47:26","slug":"historie-der-dawi","status":"publish","type":"page","link":"https:\/\/dawipaderborn.bplaced.net\/wordpress\/dawi-stellt-sich-vor\/historie-der-dawi\/","title":{"rendered":"Die DaWI-Geschichte"},"content":{"rendered":"<p><strong><span style=\"color: #333399;\">Der konkrete Anlass<\/span><br \/>\n<\/strong>Wer von Paderborn aus \u201eins Gr\u00fcne\u201c fahren will, rollt erst einmal durch die &#8222;Windparks&#8220; der Vororte, die sich den Bundesstra\u00dfen entlang ziehen. Insbesondere\u00a0der Paderborner Stadtteil Dahl ist schon seit einigen Jahren in mehrere Richtungen weitr\u00e4umig von Windkraftanlagen zugestellt. Dennoch sollen noch mehr und immer h\u00f6here Windt\u00fcrme gebaut werden, bis der Dahler Horizont vollends verbaut\u00a0ist.<br \/>\nDies war der Punkt, an dem sich engagierte B\u00fcrgerinnen und B\u00fcrger vor Ort zu einer\u00a0kritischen B\u00fcrgerinitiative\u00a0zusammengeschlossen haben, um ihre gemeinsamen Interessen in der kommunalen \u00d6ffentlichkeit entschlossen und geschlossen zu vertreten:<br \/>\nals Dahler Wind-Initiative (DaWI).<\/p>\n<p><strong><span style=\"color: #333399;\">Zur Strategie der \u00f6ffentlichen Einmischung<\/span><br \/>\n<\/strong>Die von der DaWI verfolgte Strategie der Einmischung meint:<\/p>\n<ul>\n<li>kritische Begleitung\u00a0der st\u00e4dtischen\u00a0Planungsvorhaben,<\/li>\n<li>Eingaben\u00a0gegen unzureichende \u00dcberplanungen,<\/li>\n<li>sachkundige\u00a0Gespr\u00e4che mit den Stadtplanern und mit den Ratsmitgliedern\u00a0im st\u00e4dtischen Bauausschuss,<\/li>\n<li>fortlaufende Pressearbeit, um die\u00a0B\u00fcrgeranliegen in die \u00d6ffentlichkeit zu tragen (nachzulesen unter Presse News),<\/li>\n<li>Werbung um weitere interessierte B\u00fcrgerinnen und B\u00fcrger, die sich der DaWI anschlie\u00dfen wollen,<\/li>\n<li>und anderes mehr.<\/li>\n<\/ul>\n<p>&nbsp;<\/p>\n","protected":false},"excerpt":{"rendered":"<p>Der konkrete Anlass Wer von Paderborn aus \u201eins Gr\u00fcne\u201c fahren will, rollt erst einmal durch die &#8222;Windparks&#8220; der Vororte, die sich den Bundesstra\u00dfen entlang ziehen. Insbesondere\u00a0der Paderborner Stadtteil Dahl ist schon seit einigen Jahren in mehrere Richtungen weitr\u00e4umig von Windkraftanlagen zugestellt. Dennoch sollen noch mehr und immer h\u00f6here Windt\u00fcrme gebaut werden, bis der Dahler Horizont [&hellip;]<\/p>\n","protected":false},"author":1,"featured_media":0,"parent":11,"menu_order":1,"comment_status":"closed","ping_status":"closed","template":"","meta":{"footnotes":""},"class_list":["post-16","page","type-page","status-publish","hentry"],"aioseo_notices":[],"_links":{"self":[{"href":"https:\/\/dawipaderborn.bplaced.net\/wordpress\/wp-json\/wp\/v2\/pages\/16","targetHints":{"allow":["GET"]}}],"collection":[{"href":"https:\/\/dawipaderborn.bplaced.net\/wordpress\/wp-json\/wp\/v2\/pages"}],"about":[{"href":"https:\/\/dawipaderborn.bplaced.net\/wordpress\/wp-json\/wp\/v2\/types\/page"}],"author":[{"embeddable":true,"href":"https:\/\/dawipaderborn.bplaced.net\/wordpress\/wp-json\/wp\/v2\/users\/1"}],"replies":[{"embeddable":true,"href":"https:\/\/dawipaderborn.bplaced.net\/wordpress\/wp-json\/wp\/v2\/comments?post=16"}],"version-history":[{"count":17,"href":"https:\/\/dawipaderborn.bplaced.net\/wordpress\/wp-json\/wp\/v2\/pages\/16\/revisions"}],"predecessor-version":[{"id":3048,"href":"https:\/\/dawipaderborn.bplaced.net\/wordpress\/wp-json\/wp\/v2\/pages\/16\/revisions\/3048"}],"up":[{"embeddable":true,"href":"https:\/\/dawipaderborn.bplaced.net\/wordpress\/wp-json\/wp\/v2\/pages\/11"}],"wp:attachment":[{"href":"https:\/\/dawipaderborn.bplaced.net\/wordpress\/wp-json\/wp\/v2\/media?parent=16"}],"curies":[{"name":"wp","href":"https:\/\/api.w.org\/{rel}","templated":true}]}}